{"id":3902,"date":"2022-10-12T20:06:26","date_gmt":"2022-10-12T18:06:26","guid":{"rendered":"https:\/\/jarnac-champagne.fr\/\/\/?page_id=3902"},"modified":"2025-08-26T17:21:03","modified_gmt":"2025-08-26T15:21:03","slug":"arretes","status":"publish","type":"page","link":"https:\/\/jarnac-champagne.fr\/index.php\/mairie\/arretes\/","title":{"rendered":"Affichage l\u00e9gal"},"content":{"rendered":"\n<p><strong><mark style=\"background-color:rgba(0, 0, 0, 0)\" class=\"has-inline-color has-vivid-cyan-blue-color\">AFFICHAGE LEGAL<\/mark><\/strong> : <strong><mark style=\"background-color:rgba(0, 0, 0, 0)\" class=\"has-inline-color has-pale-pink-color\">Retrouvez tous les arr\u00eat\u00e9s ou affichage l\u00e9gal en cliquant sur le lien ci-dessous :<\/mark><\/strong><\/p>\n\n\n\n<p><a href=\"https:\/\/communes-haute-saintonge.dematdoc.eu\/public\/43?filters=43\">https:\/\/communes-haute-saintonge.dematdoc.eu\/public\/43?filters=43<\/a><\/p>\n\n\n\n<p><\/p>\n\n\n\n<p><strong><mark style=\"background-color:rgba(0, 0, 0, 0)\" class=\"has-inline-color has-vivid-cyan-blue-color\">Arr\u00eat\u00e9 du 02 d\u00e9cembre 2015 : Arr\u00eat minute \u00e9picerie Renneteau<\/mark><\/strong><\/p>\n\n\n<a href=\"https:\/\/jarnac-champagne.fr\/\/\/wp-content\/uploads\/2025\/07\/2015-Arrete_Arret_minute.pdf\" class=\"pdfemb-viewer\" style=\"\" data-width=\"max\" data-height=\"max\" data-toolbar=\"bottom\" data-toolbar-fixed=\"off\">2015-Arrete_Arret_minute<\/a>\n\n\n<p><strong><mark style=\"background-color:rgba(0, 0, 0, 0)\" class=\"has-inline-color has-vivid-cyan-blue-color\">Arr\u00eat\u00e9 du 20 juin 2025 : Fermeture au public de la salle polyvalente Pierre Babin pour travaux <\/mark><\/strong><\/p>\n\n\n<a href=\"https:\/\/jarnac-champagne.fr\/\/\/wp-content\/uploads\/2025\/06\/arrete-fermeture-salle.pdf\" class=\"pdfemb-viewer\" style=\"\" data-width=\"max\" data-height=\"max\" data-toolbar=\"bottom\" data-toolbar-fixed=\"off\">arrete-fermeture-salle<\/a>\n\n\n<p><mark style=\"background-color:rgba(0, 0, 0, 0)\" class=\"has-inline-color has-vivid-cyan-blue-color\"><strong>Arr\u00eat\u00e9 permanent du 25 f\u00e9vrier 2025 : Interdiction de stationner RD 700<\/strong><\/mark><\/p>\n\n\n<a href=\"https:\/\/jarnac-champagne.fr\/\/\/wp-content\/uploads\/2025\/02\/RD700-Jarnac-Champagne-28022025160654.pdf\" class=\"pdfemb-viewer\" style=\"\" data-width=\"max\" data-height=\"max\" data-toolbar=\"bottom\" data-toolbar-fixed=\"off\">RD700-Jarnac-Champagne-28022025160654<\/a>\n\n\n<p>2 pages &#8211; Cliquer sur les fl\u00e8ches pour faire d\u00e9filer le PDF<\/p>\n\n\n\n<p class=\"has-vivid-cyan-blue-color has-text-color\"><strong>Arr\u00eat\u00e9 du 13 octobre 2022 : Extinction \u00e9clairage public<\/strong><\/p>\n\n\n<a href=\"https:\/\/jarnac-champagne.fr\/\/\/wp-content\/uploads\/2022\/10\/arre\u0302te\u0301-e\u0301clairage-public.pdf\" class=\"pdfemb-viewer\" style=\"\" data-width=\"max\" data-height=\"max\" data-toolbar=\"bottom\" data-toolbar-fixed=\"off\">arre\u0302te\u0301-e\u0301clairage-public<\/a>\n<p class=\"wp-block-pdfemb-pdf-embedder-viewer\"><\/p>\n\n\n\n<p class=\"has-vivid-cyan-blue-color has-text-color\"><strong>Arr\u00eat\u00e9 du 11 octobre 2022 : Nouvelle voirie \u00ab\u00a0La Feuillarde des Geais\u00a0\u00bb<\/strong><\/p>\n\n\n<a href=\"https:\/\/jarnac-champagne.fr\/\/\/wp-content\/uploads\/2022\/10\/arrete-nouvelle-voie-Jarnac-Champagne.pdf\" class=\"pdfemb-viewer\" style=\"\" data-width=\"max\" data-height=\"max\" data-toolbar=\"bottom\" data-toolbar-fixed=\"off\">arrete-nouvelle-voie-Jarnac-Champagne<\/a>\n<p class=\"wp-block-pdfemb-pdf-embedder-viewer\"><\/p>\n","protected":false},"excerpt":{"rendered":"<p>AFFICHAGE LEGAL : Retrouvez tous les arr\u00eat\u00e9s ou affichage l\u00e9gal en cliquant sur le lien ci-dessous : https:\/\/communes-haute-saintonge.dematdoc.eu\/public\/43?filters=43 Arr\u00eat\u00e9 du<\/p>\n","protected":false},"author":1,"featured_media":0,"parent":493,"menu_order":0,"comment_status":"closed","ping_status":"closed","template":"","meta":{"colormag_page_container_layout":"default_layout","colormag_page_sidebar_layout":"default_layout","footnotes":""},"class_list":["post-3902","page","type-page","status-publish","hentry"],"_links":{"self":[{"href":"https:\/\/jarnac-champagne.fr\/index.php\/wp-json\/wp\/v2\/pages\/3902","targetHints":{"allow":["GET"]}}],"collection":[{"href":"https:\/\/jarnac-champagne.fr\/index.php\/wp-json\/wp\/v2\/pages"}],"about":[{"href":"https:\/\/jarnac-champagne.fr\/index.php\/wp-json\/wp\/v2\/types\/page"}],"author":[{"embeddable":true,"href":"https:\/\/jarnac-champagne.fr\/index.php\/wp-json\/wp\/v2\/users\/1"}],"replies":[{"embeddable":true,"href":"https:\/\/jarnac-champagne.fr\/index.php\/wp-json\/wp\/v2\/comments?post=3902"}],"version-history":[{"count":13,"href":"https:\/\/jarnac-champagne.fr\/index.php\/wp-json\/wp\/v2\/pages\/3902\/revisions"}],"predecessor-version":[{"id":7452,"href":"https:\/\/jarnac-champagne.fr\/index.php\/wp-json\/wp\/v2\/pages\/3902\/revisions\/7452"}],"up":[{"embeddable":true,"href":"https:\/\/jarnac-champagne.fr\/index.php\/wp-json\/wp\/v2\/pages\/493"}],"wp:attachment":[{"href":"https:\/\/jarnac-champagne.fr\/index.php\/wp-json\/wp\/v2\/media?parent=3902"}],"curies":[{"name":"wp","href":"https:\/\/api.w.org\/{rel}","templated":true}]}}